{"id":6881,"date":"2024-01-26T20:35:48","date_gmt":"2024-01-26T20:35:48","guid":{"rendered":"https:\/\/venturacountyfair.org\/?page_id=6881"},"modified":"2026-04-23T09:29:11","modified_gmt":"2026-04-23T16:29:11","slug":"hours-and-days","status":"publish","type":"page","link":"https:\/\/venturacountyfair.org\/es\/fair\/hours-and-days\/","title":{"rendered":"Horas y d\u00edas"},"content":{"rendered":"<div data-elementor-type=\"wp-page\" data-elementor-id=\"6881\" class=\"elementor elementor-6881\" data-elementor-post-type=\"page\">\n\t\t\t\t\t\t<section class=\"elementor-section elementor-top-section elementor-element elementor-element-db356fe elementor-section-boxed elementor-section-height-default elementor-section-height-default\" data-id=\"db356fe\" data-element_type=\"section\" data-e-type=\"section\">\n\t\t\t\t\t\t<div class=\"elementor-container elementor-column-gap-default\">\n\t\t\t\t\t<div class=\"elementor-column elementor-col-100 elementor-top-column elementor-element elementor-element-e170331\" data-id=\"e170331\" data-element_type=\"column\" data-e-type=\"column\">\n\t\t\t<div class=\"elementor-widget-wrap elementor-element-populated\">\n\t\t\t\t\t\t<div class=\"elementor-element elementor-element-528f5c1 elementor-align-center elementor-widget elementor-widget-rt-title\" data-id=\"528f5c1\" data-element_type=\"widget\" data-e-type=\"widget\" data-widget_type=\"rt-title.default\">\n\t\t\t\t<div class=\"elementor-widget-container\">\n\t\t\t\t\t<div class=\"section-heading style-two\">\n\t    <div class=\"heading-subtitle\">CEL\u00c9BRALO CON NOSOTROS<\/div>\n    <h2  class=\"heading-title\"><\/h2>    <h4 style=\"font-weight: 400;\">\u00danase a nosotros en la Feria del Condado de Ventura 2026, donde prometemos una celebraci\u00f3n inolvidable llena de emocionantes atracciones, entretenimiento en directo y deliciosa comida.<\/h4>    \t\t<span class=\"line\"><\/span>\n\t<\/div>\t\t\t\t<\/div>\n\t\t\t\t<\/div>\n\t\t\t\t<div class=\"elementor-element elementor-element-9f07c34 elementor-widget elementor-widget-text-editor\" data-id=\"9f07c34\" data-element_type=\"widget\" data-e-type=\"widget\" data-widget_type=\"text-editor.default\">\n\t\t\t\t<div class=\"elementor-widget-container\">\n\t\t\t\t\t\t\t\t\t<h4 style=\"text-align: center;\">29 de julio - 9 de agosto<\/h4>\t\t\t\t\t\t\t\t<\/div>\n\t\t\t\t<\/div>\n\t\t\t\t\t<\/div>\n\t\t<\/div>\n\t\t\t\t\t<\/div>\n\t\t<\/section>\n\t\t\t\t<section class=\"elementor-section elementor-top-section elementor-element elementor-element-79f988e elementor-section-boxed elementor-section-height-default elementor-section-height-default\" data-id=\"79f988e\" data-element_type=\"section\" data-e-type=\"section\">\n\t\t\t\t\t\t<div class=\"elementor-container elementor-column-gap-default\">\n\t\t\t\t\t<div class=\"elementor-column elementor-col-100 elementor-top-column elementor-element elementor-element-44144a7\" data-id=\"44144a7\" data-element_type=\"column\" data-e-type=\"column\">\n\t\t\t<div class=\"elementor-widget-wrap elementor-element-populated\">\n\t\t\t\t\t\t<div class=\"elementor-element elementor-element-d44fe5f elementor-widget elementor-widget-tp-accordion\" data-id=\"d44fe5f\" data-element_type=\"widget\" data-e-type=\"widget\" data-widget_type=\"tp-accordion.default\">\n\t\t\t\t<div class=\"elementor-widget-container\">\n\t\t\t\t\t\n<div class=\"theplus-accordion-wrapper elementor-accordion\"\n    id=\"accordion69efcb6c9fd4e\" data-accordion-id=\"accordion69efcb6c9fd4e\"\n    data-connection=\"\"\n    data-accordion-type=\"accordion\"\n    data-heightlight-text role=\"tablist\" >\n\n            <div class=\"theplus-accordion-item\"  role=\"tab\">\n            <div id=\"elementor-tab-title-2221\" class=\"elementor-tab-title plus-accordion-header 0 text-left\" data-tab=\"1\" aria-controls=\"elementor-tab-content-2221\">\n                                \n                <span style=\"width:100%\">Horario de la feria<\/span>                <span class=\"elementor-accordion-icon elementor-accordion-icon-right\" aria-hidden=\"true\"><i class=\"elementor-accordion-icon-closed fa fa-arrow-circle-down\"><\/i><i class=\"elementor-accordion-icon-opened fa fa-arrow-circle-up\"><\/i><\/span>            <\/div>\n\n                        <div id=\"elementor-tab-content-2221\" class=\"elementor-tab-content elementor-clearfix plus-accordion-content 0\" data-tab=\"1\" role=\"tabpanel\" aria-labelledby=\"elementor-tab-title-2221\">\n                <div class=\"plus-content-editor\" ><p><span style=\"font-weight: 400; color: #000000;\">Pr\u00f3ximamente, los detalles de 2026.<\/span><\/p><\/div>\n            <\/div>\n                    <\/div>\n                <div class=\"theplus-accordion-item\"  role=\"tab\">\n            <div id=\"elementor-tab-title-2222\" class=\"elementor-tab-title plus-accordion-header 0 text-left\" data-tab=\"2\" aria-controls=\"elementor-tab-content-2222\">\n                                \n                <span style=\"width:100%\">D\u00edas especiales de promoci\u00f3n<\/span>                <span class=\"elementor-accordion-icon elementor-accordion-icon-right\" aria-hidden=\"true\"><i class=\"elementor-accordion-icon-closed fa fa-arrow-circle-down\"><\/i><i class=\"elementor-accordion-icon-opened fa fa-arrow-circle-up\"><\/i><\/span>            <\/div>\n\n                        <div id=\"elementor-tab-content-2222\" class=\"elementor-tab-content elementor-clearfix plus-accordion-content 0\" data-tab=\"2\" role=\"tabpanel\" aria-labelledby=\"elementor-tab-title-2222\">\n                <div class=\"plus-content-editor\" ><p><span style=\"color: #000000;\"><strong>$5 Antes de las 5PM \u2013 D\u00eda de Apertura \u2013 Mi\u00e9rcoles, 29 de Julio<br \/><\/strong><\/span><span style=\"color: #000000;\">La entrada es solo $5 antes de las 5 p.m. Los boletos deben comprarse <u>en el sitio<\/u> antes de las 5 p.m.<br \/><\/span><span style=\"color: #000000;\"><em>Presentado por <a href=\"https:\/\/cdwindows.com\/\">California Deluxe Windows<\/a><\/em><\/span><\/p><p><span style=\"color: #000000;\"><strong>D\u00eda de la Juventud \u2013 Viernes, 31 de julio<\/strong><\/span><br \/><span style=\"color: #000000;\">Los ni\u00f1os de 12 a\u00f1os o menos entran gratis con la entrada de un adulto de pago.<br \/><\/span><span style=\"color: #000000;\"><em>Presentado por <a href=\"https:\/\/www.vccuonline.net\/\">Cooperativa de cr\u00e9dito del condado de Ventura<\/a><\/em>\u00a0<\/span><\/p><p><span style=\"color: #000000;\"><strong>D\u00eda de Adultos Mayores y Personas con Discapacidad \u2013 Martes, 4 de agosto<br \/><\/strong><\/span><span style=\"color: #000000;\">Entrada gratuita para personas mayores (individual solamente)<br \/><\/span><span style=\"color: #000000;\">Entrada gratuita para personas con discapacidad, m\u00e1s un acompa\u00f1ante<br \/><\/span><span style=\"color: #000000;\"><em>Presentado por <a href=\"https:\/\/mattresshub.com\/\">Colch\u00f3n Hub<\/a><\/em><\/span><\/p><p><span style=\"color: #000000;\"><strong>D\u00eda del Miembro de VCCU \u2013 Mi\u00e9rcoles, 5 de agosto<br \/><\/strong><\/span><span style=\"color: #000000;\">Los miembros de Ventura County Credit Union obtienen $$4 de descuento en la admisi\u00f3n hasta las 5 p.m. Se requiere comprobante de membres\u00eda. El boleto debe comprarse en persona.<br \/><\/span><span style=\"color: #000000;\"><em>Presentado por <a href=\"https:\/\/www.vccuonline.net\/\">Cooperativa de cr\u00e9dito del condado de Ventura<\/a><\/em>\u00a0<\/span><\/p><p><span style=\"color: #000000;\"><strong>D\u00eda de los H\u00e9roes de la Comunidad \u2013 Jueves, 6 de agosto<br \/><\/strong><\/span><span style=\"color: #000000;\">Admisi\u00f3n gratuita para maestros, personal militar, policial, de bomberos y de servicios m\u00e9dicos de emergencia.<br \/><\/span><span style=\"color: #000000;\">V\u00e1lido solo para una persona. Los familiares deben pagar la entrada. Se requiere identificaci\u00f3n<\/span><\/p><p><span style=\"color: #000000;\"><strong>D\u00eda de Compartir Alimentos \u2013 Viernes, 7 de agosto<br \/><\/strong>Dona 5 art\u00edculos de comida no perecedera y recibe una entrada 2x1 para este d\u00eda \u00fanicamente. El boleto debe ser comprado en taquilla.<\/span><\/p><\/div>\n            <\/div>\n                    <\/div>\n                <div class=\"theplus-accordion-item\"  role=\"tab\">\n            <div id=\"elementor-tab-title-2223\" class=\"elementor-tab-title plus-accordion-header 0 text-left\" data-tab=\"3\" aria-controls=\"elementor-tab-content-2223\">\n                                \n                <span style=\"width:100%\">Entradas para la Feria<\/span>                <span class=\"elementor-accordion-icon elementor-accordion-icon-right\" aria-hidden=\"true\"><i class=\"elementor-accordion-icon-closed fa fa-arrow-circle-down\"><\/i><i class=\"elementor-accordion-icon-opened fa fa-arrow-circle-up\"><\/i><\/span>            <\/div>\n\n                        <div id=\"elementor-tab-content-2223\" class=\"elementor-tab-content elementor-clearfix plus-accordion-content 0\" data-tab=\"3\" role=\"tabpanel\" aria-labelledby=\"elementor-tab-title-2223\">\n                <div class=\"plus-content-editor\" ><div data-main-rotation=\"0\"><p><span style=\"color: #000000;\"><b>Venta anticipada de entradas para 2026 a la venta el 1 de mayo<\/b><\/span><\/p><p><span style=\"color: #000000;\"><b>Mayo 1-25<\/b><\/span><\/p><p><span style=\"color: #000000;\">\u00a1Nosotros pagamos las comisiones! \u00a1Solo por tiempo limitado!<\/span><\/p><p><span style=\"color: #000000;\">Adultos $13<\/span><br \/><span style=\"color: #000000;\">Personas mayores (65+)$8<\/span><br \/><span style=\"color: #000000;\">Ni\u00f1o (6-12)$8<\/span><\/p><p><span style=\"color: #000000;\"><b>4 al 8 de mayo<\/b><\/span><\/p><p><span style=\"color: #000000;\">$Oferta especial del Pase de Temporada 28<\/span><\/p><p><span style=\"color: #000000;\">\u00a1Nuestro Pase de Temporada 2026 al mejor precio! \u00a1Y nosotros pagamos las comisiones!<\/span><\/p><p><span style=\"color: #000000;\"><b><i>\u00a1M\u00e1s informaci\u00f3n sobre las entradas a venir!<\/i><\/b><\/span><\/p><\/div><\/div>\n            <\/div>\n                    <\/div>\n                <div class=\"theplus-accordion-item\"  role=\"tab\">\n            <div id=\"elementor-tab-title-2224\" class=\"elementor-tab-title plus-accordion-header 0 text-left\" data-tab=\"4\" aria-controls=\"elementor-tab-content-2224\">\n                                \n                <span style=\"width:100%\">Pulseras de carnaval<\/span>                <span class=\"elementor-accordion-icon elementor-accordion-icon-right\" aria-hidden=\"true\"><i class=\"elementor-accordion-icon-closed fa fa-arrow-circle-down\"><\/i><i class=\"elementor-accordion-icon-opened fa fa-arrow-circle-up\"><\/i><\/span>            <\/div>\n\n                        <div id=\"elementor-tab-content-2224\" class=\"elementor-tab-content elementor-clearfix plus-accordion-content 0\" data-tab=\"4\" role=\"tabpanel\" aria-labelledby=\"elementor-tab-title-2224\">\n                <div class=\"plus-content-editor\" ><p><span style=\"font-weight: 400; color: #000000;\">Pr\u00f3ximamente, los detalles de 2026.<\/span><\/p><\/div>\n            <\/div>\n                    <\/div>\n                <div class=\"theplus-accordion-item\"  role=\"tab\">\n            <div id=\"elementor-tab-title-2225\" class=\"elementor-tab-title plus-accordion-header 0 text-left\" data-tab=\"5\" aria-controls=\"elementor-tab-content-2225\">\n                                \n                <span style=\"width:100%\">Alquiler de scooters y sillas de ruedas<\/span>                <span class=\"elementor-accordion-icon elementor-accordion-icon-right\" aria-hidden=\"true\"><i class=\"elementor-accordion-icon-closed fa fa-arrow-circle-down\"><\/i><i class=\"elementor-accordion-icon-opened fa fa-arrow-circle-up\"><\/i><\/span>            <\/div>\n\n                        <div id=\"elementor-tab-content-2225\" class=\"elementor-tab-content elementor-clearfix plus-accordion-content 0\" data-tab=\"5\" role=\"tabpanel\" aria-labelledby=\"elementor-tab-title-2225\">\n                <div class=\"plus-content-editor\" ><p><a style=\"background-color: transparent;\" href=\"https:\/\/vistamobility.net\/reservation\/?event_id=59\" target=\"_blank\" rel=\"noopener\">Pre-registro de patinetes y sillas de ruedas<\/a><\/p><\/div>\n            <\/div>\n                    <\/div>\n        \n<\/div>\n\t\t\t\t<\/div>\n\t\t\t\t<\/div>\n\t\t\t\t<div class=\"elementor-element elementor-element-bfd732d elementor-align-center elementor-widget elementor-widget-button\" data-id=\"bfd732d\" data-element_type=\"widget\" data-e-type=\"widget\" data-widget_type=\"button.default\">\n\t\t\t\t<div class=\"elementor-widget-container\">\n\t\t\t\t\t\t\t\t\t<div class=\"elementor-button-wrapper\">\n\t\t\t\t\t<a class=\"elementor-button elementor-button-link elementor-size-sm\" href=\"https:\/\/venturacountyfair.org\/es\/fair\/before-you-go\/\">\n\t\t\t\t\t\t<span class=\"elementor-button-content-wrapper\">\n\t\t\t\t\t\t\t\t\t<span class=\"elementor-button-text\">Pol\u00edticas justas<\/span>\n\t\t\t\t\t<\/span>\n\t\t\t\t\t<\/a>\n\t\t\t\t<\/div>\n\t\t\t\t\t\t\t\t<\/div>\n\t\t\t\t<\/div>\n\t\t\t\t<div class=\"elementor-element elementor-element-2dbbc79 elementor-arrows-position-inside elementor-widget elementor-widget-image-carousel\" data-id=\"2dbbc79\" data-element_type=\"widget\" data-e-type=\"widget\" data-settings=\"{&quot;slides_to_show_mobile&quot;:&quot;3&quot;,&quot;slides_to_scroll_mobile&quot;:&quot;3&quot;,&quot;navigation&quot;:&quot;arrows&quot;,&quot;image_spacing_custom_mobile&quot;:{&quot;unit&quot;:&quot;px&quot;,&quot;size&quot;:12,&quot;sizes&quot;:[]},&quot;autoplay&quot;:&quot;yes&quot;,&quot;pause_on_hover&quot;:&quot;yes&quot;,&quot;pause_on_interaction&quot;:&quot;yes&quot;,&quot;autoplay_speed&quot;:5000,&quot;infinite&quot;:&quot;yes&quot;,&quot;speed&quot;:500,&quot;image_spacing_custom&quot;:{&quot;unit&quot;:&quot;px&quot;,&quot;size&quot;:20,&quot;sizes&quot;:[]},&quot;image_spacing_custom_tablet&quot;:{&quot;unit&quot;:&quot;px&quot;,&quot;size&quot;:&quot;&quot;,&quot;sizes&quot;:[]}}\" data-widget_type=\"image-carousel.default\">\n\t\t\t\t<div class=\"elementor-widget-container\">\n\t\t\t\t\t\t\t<div class=\"elementor-image-carousel-wrapper swiper\" role=\"region\" aria-roledescription=\"carousel\" aria-label=\"Carrusel de im\u00e1genes\" dir=\"ltr\">\n\t\t\t<div class=\"elementor-image-carousel swiper-wrapper\" aria-live=\"off\">\n\t\t\t\t\t\t\t\t<div class=\"swiper-slide\" role=\"group\" aria-roledescription=\"slide\" aria-label=\"1 de 11\"><a data-elementor-open-lightbox=\"yes\" data-elementor-lightbox-slideshow=\"2dbbc79\" data-elementor-lightbox-title=\"DSC05944\" data-e-action-hash=\"#elementor-action%3Aaction%3Dlightbox%26settings%3DeyJpZCI6Njg4MiwidXJsIjoiaHR0cHM6XC9cL3ZlbnR1cmFjb3VudHlmYWlyLm9yZ1wvd3AtY29udGVudFwvdXBsb2Fkc1wvMjAyNFwvMDFcL0RTQzA1OTQ0LXNjYWxlZC5qcGciLCJzbGlkZXNob3ciOiIyZGJiYzc5In0%3D\" href=\"https:\/\/venturacountyfair.org\/wp-content\/uploads\/2024\/01\/DSC05944-scaled.jpg\"><figure class=\"swiper-slide-inner\"><img decoding=\"async\" class=\"swiper-slide-image\" src=\"https:\/\/venturacountyfair.org\/wp-content\/uploads\/2024\/01\/DSC05944-scaled-450x450.jpg\" alt=\"DSC05944\" \/><\/figure><\/a><\/div><div class=\"swiper-slide\" role=\"group\" aria-roledescription=\"slide\" aria-label=\"2 de 11\"><a data-elementor-open-lightbox=\"yes\" data-elementor-lightbox-slideshow=\"2dbbc79\" data-elementor-lightbox-title=\"Copy of 0J6A3087\" data-e-action-hash=\"#elementor-action%3Aaction%3Dlightbox%26settings%3DeyJpZCI6Njg4MywidXJsIjoiaHR0cHM6XC9cL3ZlbnR1cmFjb3VudHlmYWlyLm9yZ1wvd3AtY29udGVudFwvdXBsb2Fkc1wvMjAyNFwvMDFcL0NvcHktb2YtMEo2QTMwODctc2NhbGVkLmpwZyIsInNsaWRlc2hvdyI6IjJkYmJjNzkifQ%3D%3D\" href=\"https:\/\/venturacountyfair.org\/wp-content\/uploads\/2024\/01\/Copy-of-0J6A3087-scaled.jpg\"><figure class=\"swiper-slide-inner\"><img decoding=\"async\" class=\"swiper-slide-image\" src=\"https:\/\/venturacountyfair.org\/wp-content\/uploads\/2024\/01\/Copy-of-0J6A3087-scaled-450x450.jpg\" alt=\"Copy of 0J6A3087\" \/><\/figure><\/a><\/div><div class=\"swiper-slide\" role=\"group\" aria-roledescription=\"slide\" aria-label=\"3 de 11\"><a data-elementor-open-lightbox=\"yes\" data-elementor-lightbox-slideshow=\"2dbbc79\" data-elementor-lightbox-title=\"dji_fly_20230812_183246_410_1691890749874_photo\" data-e-action-hash=\"#elementor-action%3Aaction%3Dlightbox%26settings%3DeyJpZCI6Njg4NCwidXJsIjoiaHR0cHM6XC9cL3ZlbnR1cmFjb3VudHlmYWlyLm9yZ1wvd3AtY29udGVudFwvdXBsb2Fkc1wvMjAyNFwvMDFcL2RqaV9mbHlfMjAyMzA4MTJfMTgzMjQ2XzQxMF8xNjkxODkwNzQ5ODc0X3Bob3RvLXNjYWxlZC5qcGciLCJzbGlkZXNob3ciOiIyZGJiYzc5In0%3D\" href=\"https:\/\/venturacountyfair.org\/wp-content\/uploads\/2024\/01\/dji_fly_20230812_183246_410_1691890749874_photo-scaled.jpg\"><figure class=\"swiper-slide-inner\"><img decoding=\"async\" class=\"swiper-slide-image\" src=\"https:\/\/venturacountyfair.org\/wp-content\/uploads\/2024\/01\/dji_fly_20230812_183246_410_1691890749874_photo-scaled-450x450.jpg\" alt=\"dji_fly_20230812_183246_410_1691890749874_photo\" \/><\/figure><\/a><\/div><div class=\"swiper-slide\" role=\"group\" aria-roledescription=\"slide\" aria-label=\"4 de 11\"><a data-elementor-open-lightbox=\"yes\" data-elementor-lightbox-slideshow=\"2dbbc79\" data-elementor-lightbox-title=\"dji_fly_20230812_183038_409_1691890738546_photo\" data-e-action-hash=\"#elementor-action%3Aaction%3Dlightbox%26settings%3DeyJpZCI6Njg4NSwidXJsIjoiaHR0cHM6XC9cL3ZlbnR1cmFjb3VudHlmYWlyLm9yZ1wvd3AtY29udGVudFwvdXBsb2Fkc1wvMjAyNFwvMDFcL2RqaV9mbHlfMjAyMzA4MTJfMTgzMDM4XzQwOV8xNjkxODkwNzM4NTQ2X3Bob3RvLXNjYWxlZC5qcGciLCJzbGlkZXNob3ciOiIyZGJiYzc5In0%3D\" href=\"https:\/\/venturacountyfair.org\/wp-content\/uploads\/2024\/01\/dji_fly_20230812_183038_409_1691890738546_photo-scaled.jpg\"><figure class=\"swiper-slide-inner\"><img decoding=\"async\" class=\"swiper-slide-image\" src=\"https:\/\/venturacountyfair.org\/wp-content\/uploads\/2024\/01\/dji_fly_20230812_183038_409_1691890738546_photo-scaled-450x450.jpg\" alt=\"dji_fly_20230812_183038_409_1691890738546_photo\" \/><\/figure><\/a><\/div><div class=\"swiper-slide\" role=\"group\" aria-roledescription=\"slide\" aria-label=\"5 de 11\"><a data-elementor-open-lightbox=\"yes\" data-elementor-lightbox-slideshow=\"2dbbc79\" data-elementor-lightbox-title=\"0J6A6066\" data-e-action-hash=\"#elementor-action%3Aaction%3Dlightbox%26settings%3DeyJpZCI6Njg4NiwidXJsIjoiaHR0cHM6XC9cL3ZlbnR1cmFjb3VudHlmYWlyLm9yZ1wvd3AtY29udGVudFwvdXBsb2Fkc1wvMjAyNFwvMDFcLzBKNkE2MDY2LXNjYWxlZC5qcGciLCJzbGlkZXNob3ciOiIyZGJiYzc5In0%3D\" href=\"https:\/\/venturacountyfair.org\/wp-content\/uploads\/2024\/01\/0J6A6066-scaled.jpg\"><figure class=\"swiper-slide-inner\"><img decoding=\"async\" class=\"swiper-slide-image\" src=\"https:\/\/venturacountyfair.org\/wp-content\/uploads\/2024\/01\/0J6A6066-scaled-450x450.jpg\" alt=\"0J6A6066\" \/><\/figure><\/a><\/div><div class=\"swiper-slide\" role=\"group\" aria-roledescription=\"slide\" aria-label=\"6 de 11\"><a data-elementor-open-lightbox=\"yes\" data-elementor-lightbox-slideshow=\"2dbbc79\" data-elementor-lightbox-title=\"DSC05922\" data-e-action-hash=\"#elementor-action%3Aaction%3Dlightbox%26settings%3DeyJpZCI6Njg5NCwidXJsIjoiaHR0cHM6XC9cL3ZlbnR1cmFjb3VudHlmYWlyLm9yZ1wvd3AtY29udGVudFwvdXBsb2Fkc1wvMjAyNFwvMDFcL0RTQzA1OTIyLXNjYWxlZC5qcGciLCJzbGlkZXNob3ciOiIyZGJiYzc5In0%3D\" href=\"https:\/\/venturacountyfair.org\/wp-content\/uploads\/2024\/01\/DSC05922-scaled.jpg\"><figure class=\"swiper-slide-inner\"><img decoding=\"async\" class=\"swiper-slide-image\" src=\"https:\/\/venturacountyfair.org\/wp-content\/uploads\/2024\/01\/DSC05922-scaled-450x450.jpg\" alt=\"DSC05922\" \/><\/figure><\/a><\/div><div class=\"swiper-slide\" role=\"group\" aria-roledescription=\"slide\" aria-label=\"7 de 11\"><a data-elementor-open-lightbox=\"yes\" data-elementor-lightbox-slideshow=\"2dbbc79\" data-elementor-lightbox-title=\"DSC05859\" data-e-action-hash=\"#elementor-action%3Aaction%3Dlightbox%26settings%3DeyJpZCI6Njg5NSwidXJsIjoiaHR0cHM6XC9cL3ZlbnR1cmFjb3VudHlmYWlyLm9yZ1wvd3AtY29udGVudFwvdXBsb2Fkc1wvMjAyNFwvMDFcL0RTQzA1ODU5LXNjYWxlZC5qcGciLCJzbGlkZXNob3ciOiIyZGJiYzc5In0%3D\" href=\"https:\/\/venturacountyfair.org\/wp-content\/uploads\/2024\/01\/DSC05859-scaled.jpg\"><figure class=\"swiper-slide-inner\"><img decoding=\"async\" class=\"swiper-slide-image\" src=\"https:\/\/venturacountyfair.org\/wp-content\/uploads\/2024\/01\/DSC05859-scaled-450x450.jpg\" alt=\"DSC05859\" \/><\/figure><\/a><\/div><div class=\"swiper-slide\" role=\"group\" aria-roledescription=\"slide\" aria-label=\"8 de 11\"><a data-elementor-open-lightbox=\"yes\" data-elementor-lightbox-slideshow=\"2dbbc79\" data-elementor-lightbox-title=\"DJI_0362\" data-e-action-hash=\"#elementor-action%3Aaction%3Dlightbox%26settings%3DeyJpZCI6Njg5NiwidXJsIjoiaHR0cHM6XC9cL3ZlbnR1cmFjb3VudHlmYWlyLm9yZ1wvd3AtY29udGVudFwvdXBsb2Fkc1wvMjAyNFwvMDFcL0RKSV8wMzYyLXNjYWxlZC5qcGciLCJzbGlkZXNob3ciOiIyZGJiYzc5In0%3D\" href=\"https:\/\/venturacountyfair.org\/wp-content\/uploads\/2024\/01\/DJI_0362-scaled.jpg\"><figure class=\"swiper-slide-inner\"><img decoding=\"async\" class=\"swiper-slide-image\" src=\"https:\/\/venturacountyfair.org\/wp-content\/uploads\/2024\/01\/DJI_0362-scaled-450x450.jpg\" alt=\"DJI_0362\" \/><\/figure><\/a><\/div><div class=\"swiper-slide\" role=\"group\" aria-roledescription=\"slide\" aria-label=\"9 de 11\"><a data-elementor-open-lightbox=\"yes\" data-elementor-lightbox-slideshow=\"2dbbc79\" data-elementor-lightbox-title=\"DJI_0355\" data-e-action-hash=\"#elementor-action%3Aaction%3Dlightbox%26settings%3DeyJpZCI6Njg5NywidXJsIjoiaHR0cHM6XC9cL3ZlbnR1cmFjb3VudHlmYWlyLm9yZ1wvd3AtY29udGVudFwvdXBsb2Fkc1wvMjAyNFwvMDFcL0RKSV8wMzU1LXNjYWxlZC5qcGciLCJzbGlkZXNob3ciOiIyZGJiYzc5In0%3D\" href=\"https:\/\/venturacountyfair.org\/wp-content\/uploads\/2024\/01\/DJI_0355-scaled.jpg\"><figure class=\"swiper-slide-inner\"><img decoding=\"async\" class=\"swiper-slide-image\" src=\"https:\/\/venturacountyfair.org\/wp-content\/uploads\/2024\/01\/DJI_0355-scaled-450x450.jpg\" alt=\"DJI_0355\" \/><\/figure><\/a><\/div><div class=\"swiper-slide\" role=\"group\" aria-roledescription=\"slide\" aria-label=\"10 de 11\"><a data-elementor-open-lightbox=\"yes\" data-elementor-lightbox-slideshow=\"2dbbc79\" data-elementor-lightbox-title=\"DJI_0342\" data-e-action-hash=\"#elementor-action%3Aaction%3Dlightbox%26settings%3DeyJpZCI6Njg5OCwidXJsIjoiaHR0cHM6XC9cL3ZlbnR1cmFjb3VudHlmYWlyLm9yZ1wvd3AtY29udGVudFwvdXBsb2Fkc1wvMjAyNFwvMDFcL0RKSV8wMzQyLXNjYWxlZC5qcGciLCJzbGlkZXNob3ciOiIyZGJiYzc5In0%3D\" href=\"https:\/\/venturacountyfair.org\/wp-content\/uploads\/2024\/01\/DJI_0342-scaled.jpg\"><figure class=\"swiper-slide-inner\"><img decoding=\"async\" class=\"swiper-slide-image\" src=\"https:\/\/venturacountyfair.org\/wp-content\/uploads\/2024\/01\/DJI_0342-scaled-450x450.jpg\" alt=\"DJI_0342\" \/><\/figure><\/a><\/div><div class=\"swiper-slide\" role=\"group\" aria-roledescription=\"slide\" aria-label=\"11 de 11\"><a data-elementor-open-lightbox=\"yes\" data-elementor-lightbox-slideshow=\"2dbbc79\" data-elementor-lightbox-title=\"DJI_0341\" data-e-action-hash=\"#elementor-action%3Aaction%3Dlightbox%26settings%3DeyJpZCI6Njg5OSwidXJsIjoiaHR0cHM6XC9cL3ZlbnR1cmFjb3VudHlmYWlyLm9yZ1wvd3AtY29udGVudFwvdXBsb2Fkc1wvMjAyNFwvMDFcL0RKSV8wMzQxLXNjYWxlZC5qcGciLCJzbGlkZXNob3ciOiIyZGJiYzc5In0%3D\" href=\"https:\/\/venturacountyfair.org\/wp-content\/uploads\/2024\/01\/DJI_0341-scaled.jpg\"><figure class=\"swiper-slide-inner\"><img decoding=\"async\" class=\"swiper-slide-image\" src=\"https:\/\/venturacountyfair.org\/wp-content\/uploads\/2024\/01\/DJI_0341-scaled-450x450.jpg\" alt=\"DJI_0341\" \/><\/figure><\/a><\/div>\t\t\t<\/div>\n\t\t\t\t\t\t\t\t\t\t\t\t<div class=\"elementor-swiper-button elementor-swiper-button-prev\" role=\"button\" tabindex=\"0\">\n\t\t\t\t\t\t<i aria-hidden=\"true\" class=\"eicon-chevron-left\"><\/i>\t\t\t\t\t<\/div>\n\t\t\t\t\t<div class=\"elementor-swiper-button elementor-swiper-button-next\" role=\"button\" tabindex=\"0\">\n\t\t\t\t\t\t<i aria-hidden=\"true\" class=\"eicon-chevron-right\"><\/i>\t\t\t\t\t<\/div>\n\t\t\t\t\n\t\t\t\t\t\t\t\t\t<\/div>\n\t\t\t\t\t\t<\/div>\n\t\t\t\t<\/div>\n\t\t\t\t<div class=\"elementor-element elementor-element-7c0c551 elementor-widget elementor-widget-image\" data-id=\"7c0c551\" data-element_type=\"widget\" data-e-type=\"widget\" data-widget_type=\"image.default\">\n\t\t\t\t<div class=\"elementor-widget-container\">\n\t\t\t\t\t\t\t\t\t\t\t\t\t\t\t<img fetchpriority=\"high\" decoding=\"async\" width=\"1024\" height=\"532\" src=\"https:\/\/venturacountyfair.org\/wp-content\/uploads\/2024\/01\/Copy-of-0J6A3087-1024x532.jpg\" class=\"attachment-large size-large wp-image-6883\" alt=\"\" srcset=\"https:\/\/venturacountyfair.org\/wp-content\/uploads\/2024\/01\/Copy-of-0J6A3087-1024x532.jpg 1024w, https:\/\/venturacountyfair.org\/wp-content\/uploads\/2024\/01\/Copy-of-0J6A3087-scaled-600x312.jpg 600w, https:\/\/venturacountyfair.org\/wp-content\/uploads\/2024\/01\/Copy-of-0J6A3087-700x364.jpg 700w, https:\/\/venturacountyfair.org\/wp-content\/uploads\/2024\/01\/Copy-of-0J6A3087-768x399.jpg 768w, https:\/\/venturacountyfair.org\/wp-content\/uploads\/2024\/01\/Copy-of-0J6A3087-1536x798.jpg 1536w, https:\/\/venturacountyfair.org\/wp-content\/uploads\/2024\/01\/Copy-of-0J6A3087-2048x1064.jpg 2048w\" sizes=\"(max-width: 1024px) 100vw, 1024px\" \/>\t\t\t\t\t\t\t\t\t\t\t\t\t\t\t<\/div>\n\t\t\t\t<\/div>\n\t\t\t\t\t<\/div>\n\t\t<\/div>\n\t\t\t\t\t<\/div>\n\t\t<\/section>\n\t\t\t\t<\/div>","protected":false},"excerpt":{"rendered":"<p>CELEBRA CON NOSOTROS \u00danete a nosotros en la Feria del Condado de Ventura 2026, donde prometemos una celebraci\u00f3n inolvidable llena de emocionantes atracciones, entretenimiento en vivo y deliciosa comida. Del 29 de julio al...<\/p>","protected":false},"author":1,"featured_media":7120,"parent":10131,"menu_order":0,"comment_status":"closed","ping_status":"closed","template":"","meta":{"footnotes":""},"class_list":["post-6881","page","type-page","status-publish","has-post-thumbnail","hentry","have-post-thumb"],"yoast_head":"<!-- This site is optimized with the Yoast SEO Premium plugin v27.2 (Yoast SEO v27.2) - https:\/\/yoast.com\/product\/yoast-seo-premium-wordpress\/ -->\n<title>Hours &amp; Days - Ventura County Fairgrounds<\/title>\n<meta name=\"robots\" content=\"index, follow, max-snippet:-1, max-image-preview:large, max-video-preview:-1\" \/>\n<link rel=\"canonical\" href=\"https:\/\/venturacountyfair.org\/es\/fair\/hours-and-days\/\" \/>\n<meta property=\"og:locale\" content=\"es_MX\" \/>\n<meta property=\"og:type\" content=\"article\" \/>\n<meta property=\"og:title\" content=\"Hours &amp; Days\" \/>\n<meta property=\"og:description\" content=\"CELEBRATE WITH US Join us for the 2026 Ventura County Fair, where we promise an unforgettable celebration filled with exciting rides, live entertainment, and delicious food. July 29 &#8211; August...\" \/>\n<meta property=\"og:url\" content=\"https:\/\/venturacountyfair.org\/es\/fair\/hours-and-days\/\" \/>\n<meta property=\"og:site_name\" content=\"Ventura County Fairgrounds\" \/>\n<meta property=\"article:modified_time\" content=\"2026-04-23T16:29:11+00:00\" \/>\n<meta property=\"og:image\" content=\"https:\/\/venturacountyfair.org\/wp-content\/uploads\/2024\/02\/DSC05868-scaled.jpg\" \/>\n\t<meta property=\"og:image:width\" content=\"1707\" \/>\n\t<meta property=\"og:image:height\" content=\"2560\" \/>\n\t<meta property=\"og:image:type\" content=\"image\/jpeg\" \/>\n<meta name=\"twitter:card\" content=\"summary_large_image\" \/>\n<meta name=\"twitter:label1\" content=\"Tiempo de lectura\" \/>\n\t<meta name=\"twitter:data1\" content=\"5 minutos\" \/>\n<script type=\"application\/ld+json\" class=\"yoast-schema-graph\">{\"@context\":\"https:\/\/schema.org\",\"@graph\":[{\"@type\":\"WebPage\",\"@id\":\"https:\/\/venturacountyfair.org\/fair\/hours-and-days\/\",\"url\":\"https:\/\/venturacountyfair.org\/fair\/hours-and-days\/\",\"name\":\"Hours & Days - Ventura County Fairgrounds\",\"isPartOf\":{\"@id\":\"https:\/\/venturacountyfair.org\/#website\"},\"primaryImageOfPage\":{\"@id\":\"https:\/\/venturacountyfair.org\/fair\/hours-and-days\/#primaryimage\"},\"image\":{\"@id\":\"https:\/\/venturacountyfair.org\/fair\/hours-and-days\/#primaryimage\"},\"thumbnailUrl\":\"https:\/\/venturacountyfair.org\/wp-content\/uploads\/2024\/02\/DSC05868-scaled.jpg\",\"datePublished\":\"2024-01-26T20:35:48+00:00\",\"dateModified\":\"2026-04-23T16:29:11+00:00\",\"breadcrumb\":{\"@id\":\"https:\/\/venturacountyfair.org\/fair\/hours-and-days\/#breadcrumb\"},\"inLanguage\":\"es\",\"potentialAction\":[{\"@type\":\"ReadAction\",\"target\":[\"https:\/\/venturacountyfair.org\/fair\/hours-and-days\/\"]}]},{\"@type\":\"ImageObject\",\"inLanguage\":\"es\",\"@id\":\"https:\/\/venturacountyfair.org\/fair\/hours-and-days\/#primaryimage\",\"url\":\"https:\/\/venturacountyfair.org\/wp-content\/uploads\/2024\/02\/DSC05868-scaled.jpg\",\"contentUrl\":\"https:\/\/venturacountyfair.org\/wp-content\/uploads\/2024\/02\/DSC05868-scaled.jpg\",\"width\":1707,\"height\":2560},{\"@type\":\"BreadcrumbList\",\"@id\":\"https:\/\/venturacountyfair.org\/fair\/hours-and-days\/#breadcrumb\",\"itemListElement\":[{\"@type\":\"ListItem\",\"position\":1,\"name\":\"Home\",\"item\":\"https:\/\/venturacountyfair.org\/\"},{\"@type\":\"ListItem\",\"position\":2,\"name\":\"Fair\",\"item\":\"https:\/\/venturacountyfair.org\/fair\/\"},{\"@type\":\"ListItem\",\"position\":3,\"name\":\"Hours &#038; Days\"}]},{\"@type\":\"WebSite\",\"@id\":\"https:\/\/venturacountyfair.org\/#website\",\"url\":\"https:\/\/venturacountyfair.org\/\",\"name\":\"Ventura County Fairgrounds\",\"description\":\"\",\"publisher\":{\"@id\":\"https:\/\/venturacountyfair.org\/#organization\"},\"potentialAction\":[{\"@type\":\"SearchAction\",\"target\":{\"@type\":\"EntryPoint\",\"urlTemplate\":\"https:\/\/venturacountyfair.org\/?s={search_term_string}\"},\"query-input\":{\"@type\":\"PropertyValueSpecification\",\"valueRequired\":true,\"valueName\":\"search_term_string\"}}],\"inLanguage\":\"es\"},{\"@type\":\"Organization\",\"@id\":\"https:\/\/venturacountyfair.org\/#organization\",\"name\":\"Ventura County Fairgrounds\",\"url\":\"https:\/\/venturacountyfair.org\/\",\"logo\":{\"@type\":\"ImageObject\",\"inLanguage\":\"es\",\"@id\":\"https:\/\/venturacountyfair.org\/#\/schema\/logo\/image\/\",\"url\":\"https:\/\/venturacountyfair.org\/wp-content\/uploads\/2024\/01\/cropped-cropped-favbase.png\",\"contentUrl\":\"https:\/\/venturacountyfair.org\/wp-content\/uploads\/2024\/01\/cropped-cropped-favbase.png\",\"width\":512,\"height\":512,\"caption\":\"Ventura County Fairgrounds\"},\"image\":{\"@id\":\"https:\/\/venturacountyfair.org\/#\/schema\/logo\/image\/\"}}]}<\/script>\n<!-- \/ Yoast SEO Premium plugin. -->","yoast_head_json":{"title":"Horarios y d\u00edas - Recinto Ferial del Condado de Ventura","robots":{"index":"index","follow":"follow","max-snippet":"max-snippet:-1","max-image-preview":"max-image-preview:large","max-video-preview":"max-video-preview:-1"},"canonical":"https:\/\/venturacountyfair.org\/es\/fair\/hours-and-days\/","og_locale":"es_MX","og_type":"article","og_title":"Hours & Days","og_description":"CELEBRATE WITH US Join us for the 2026 Ventura County Fair, where we promise an unforgettable celebration filled with exciting rides, live entertainment, and delicious food. July 29 &#8211; August...","og_url":"https:\/\/venturacountyfair.org\/es\/fair\/hours-and-days\/","og_site_name":"Ventura County Fairgrounds","article_modified_time":"2026-04-23T16:29:11+00:00","og_image":[{"width":1707,"height":2560,"url":"https:\/\/venturacountyfair.org\/wp-content\/uploads\/2024\/02\/DSC05868-scaled.jpg","type":"image\/jpeg"}],"twitter_card":"summary_large_image","twitter_misc":{"Tiempo de lectura":"5 minutos"},"schema":{"@context":"https:\/\/schema.org","@graph":[{"@type":"WebPage","@id":"https:\/\/venturacountyfair.org\/fair\/hours-and-days\/","url":"https:\/\/venturacountyfair.org\/fair\/hours-and-days\/","name":"Horarios y d\u00edas - Recinto Ferial del Condado de Ventura","isPartOf":{"@id":"https:\/\/venturacountyfair.org\/#website"},"primaryImageOfPage":{"@id":"https:\/\/venturacountyfair.org\/fair\/hours-and-days\/#primaryimage"},"image":{"@id":"https:\/\/venturacountyfair.org\/fair\/hours-and-days\/#primaryimage"},"thumbnailUrl":"https:\/\/venturacountyfair.org\/wp-content\/uploads\/2024\/02\/DSC05868-scaled.jpg","datePublished":"2024-01-26T20:35:48+00:00","dateModified":"2026-04-23T16:29:11+00:00","breadcrumb":{"@id":"https:\/\/venturacountyfair.org\/fair\/hours-and-days\/#breadcrumb"},"inLanguage":"es","potentialAction":[{"@type":"ReadAction","target":["https:\/\/venturacountyfair.org\/fair\/hours-and-days\/"]}]},{"@type":"ImageObject","inLanguage":"es","@id":"https:\/\/venturacountyfair.org\/fair\/hours-and-days\/#primaryimage","url":"https:\/\/venturacountyfair.org\/wp-content\/uploads\/2024\/02\/DSC05868-scaled.jpg","contentUrl":"https:\/\/venturacountyfair.org\/wp-content\/uploads\/2024\/02\/DSC05868-scaled.jpg","width":1707,"height":2560},{"@type":"BreadcrumbList","@id":"https:\/\/venturacountyfair.org\/fair\/hours-and-days\/#breadcrumb","itemListElement":[{"@type":"ListItem","position":1,"name":"Home","item":"https:\/\/venturacountyfair.org\/"},{"@type":"ListItem","position":2,"name":"Fair","item":"https:\/\/venturacountyfair.org\/fair\/"},{"@type":"ListItem","position":3,"name":"Hours &#038; Days"}]},{"@type":"WebSite","@id":"https:\/\/venturacountyfair.org\/#website","url":"https:\/\/venturacountyfair.org\/","name":"Recinto Ferial del Condado de Ventura","description":"","publisher":{"@id":"https:\/\/venturacountyfair.org\/#organization"},"potentialAction":[{"@type":"SearchAction","target":{"@type":"EntryPoint","urlTemplate":"https:\/\/venturacountyfair.org\/?s={search_term_string}"},"query-input":{"@type":"PropertyValueSpecification","valueRequired":true,"valueName":"search_term_string"}}],"inLanguage":"es"},{"@type":"Organization","@id":"https:\/\/venturacountyfair.org\/#organization","name":"Recinto Ferial del Condado de Ventura","url":"https:\/\/venturacountyfair.org\/","logo":{"@type":"ImageObject","inLanguage":"es","@id":"https:\/\/venturacountyfair.org\/#\/schema\/logo\/image\/","url":"https:\/\/venturacountyfair.org\/wp-content\/uploads\/2024\/01\/cropped-cropped-favbase.png","contentUrl":"https:\/\/venturacountyfair.org\/wp-content\/uploads\/2024\/01\/cropped-cropped-favbase.png","width":512,"height":512,"caption":"Ventura County Fairgrounds"},"image":{"@id":"https:\/\/venturacountyfair.org\/#\/schema\/logo\/image\/"}}]}},"_links":{"self":[{"href":"https:\/\/venturacountyfair.org\/es\/wp-json\/wp\/v2\/pages\/6881","targetHints":{"allow":["GET"]}}],"collection":[{"href":"https:\/\/venturacountyfair.org\/es\/wp-json\/wp\/v2\/pages"}],"about":[{"href":"https:\/\/venturacountyfair.org\/es\/wp-json\/wp\/v2\/types\/page"}],"author":[{"embeddable":true,"href":"https:\/\/venturacountyfair.org\/es\/wp-json\/wp\/v2\/users\/1"}],"replies":[{"embeddable":true,"href":"https:\/\/venturacountyfair.org\/es\/wp-json\/wp\/v2\/comments?post=6881"}],"version-history":[{"count":409,"href":"https:\/\/venturacountyfair.org\/es\/wp-json\/wp\/v2\/pages\/6881\/revisions"}],"predecessor-version":[{"id":22691,"href":"https:\/\/venturacountyfair.org\/es\/wp-json\/wp\/v2\/pages\/6881\/revisions\/22691"}],"up":[{"embeddable":true,"href":"https:\/\/venturacountyfair.org\/es\/wp-json\/wp\/v2\/pages\/10131"}],"wp:featuredmedia":[{"embeddable":true,"href":"https:\/\/venturacountyfair.org\/es\/wp-json\/wp\/v2\/media\/7120"}],"wp:attachment":[{"href":"https:\/\/venturacountyfair.org\/es\/wp-json\/wp\/v2\/media?parent=6881"}],"curies":[{"name":"wp","href":"https:\/\/api.w.org\/{rel}","templated":true}]}}